{"id":8916,"date":"2023-12-22T09:10:48","date_gmt":"2023-12-22T08:10:48","guid":{"rendered":"https:\/\/oberrauch.minedesign.eu\/note-legali\/"},"modified":"2024-04-30T08:07:36","modified_gmt":"2024-04-30T06:07:36","slug":"note-legali","status":"publish","type":"page","link":"https:\/\/www.elektro-oberrauch.it\/it\/note-legali\/","title":{"rendered":"Note legali"},"content":{"rendered":"\t\t<div data-elementor-type=\"wp-page\" data-elementor-id=\"8916\" class=\"elementor elementor-8916 elementor-91\" data-elementor-post-type=\"page\">\n\t\t\t\t\t\t<section class=\"elementor-section elementor-top-section elementor-element elementor-element-32023437 elementor-section-boxed elementor-section-height-default elementor-section-height-default\" data-id=\"32023437\" data-element_type=\"section\" data-e-type=\"section\">\n\t\t\t\t\t\t<div class=\"elementor-container elementor-column-gap-default\">\n\t\t\t\t\t<div class=\"elementor-column elementor-col-33 elementor-top-column elementor-element elementor-element-7d3f57ae\" data-id=\"7d3f57ae\" data-element_type=\"column\" data-e-type=\"column\">\n\t\t\t<div class=\"elementor-widget-wrap elementor-element-populated\">\n\t\t\t\t\t\t<div class=\"elementor-element elementor-element-40c8227c elementor-widget elementor-widget-heading\" data-id=\"40c8227c\" data-element_type=\"widget\" data-e-type=\"widget\" data-widget_type=\"heading.default\">\n\t\t\t\t<div class=\"elementor-widget-container\">\n\t\t\t\t\t<h2 class=\"elementor-heading-title elementor-size-default\">Responsabile<\/h2>\t\t\t\t<\/div>\n\t\t\t\t<\/div>\n\t\t\t\t<div class=\"elementor-element elementor-element-265de567 elementor-widget elementor-widget-text-editor\" data-id=\"265de567\" data-element_type=\"widget\" data-e-type=\"widget\" data-widget_type=\"text-editor.default\">\n\t\t\t\t<div class=\"elementor-widget-container\">\n\t\t\t\t\t\t\t\t\t<p>Elektro Oberrauch Srl<br \/>Zone Neidegg 14\/A, 39043 Chiusa<br \/>Tel. +39 0472 847 347<br \/>Part. IVA: IT02929800213<br \/>Cod. fisc.: IT02929800213<br \/>Codice destinatario: T04ZHR3<\/p><p>info@elektro-oberrauch.it<br \/>PEC: oberrauchelektrogmbh@pec.it<\/p><p>\u00a0<\/p><p>Camera di commercio: Bolzano<br \/>Numero iscrizione camera di commercio: 02929800213<br \/>Numero REA: BZ-217459<br \/>Capitale sociale: 50.000 \u20ac V.E.<\/p>\t\t\t\t\t\t\t\t<\/div>\n\t\t\t\t<\/div>\n\t\t\t\t\t<\/div>\n\t\t<\/div>\n\t\t\t\t<div class=\"elementor-column elementor-col-33 elementor-top-column elementor-element elementor-element-386bf9f7\" data-id=\"386bf9f7\" data-element_type=\"column\" data-e-type=\"column\">\n\t\t\t<div class=\"elementor-widget-wrap elementor-element-populated\">\n\t\t\t\t\t\t<div class=\"elementor-element elementor-element-71f3a3d1 elementor-widget elementor-widget-heading\" data-id=\"71f3a3d1\" data-element_type=\"widget\" data-e-type=\"widget\" data-widget_type=\"heading.default\">\n\t\t\t\t<div class=\"elementor-widget-container\">\n\t\t\t\t\t<h2 class=\"elementor-heading-title elementor-size-default\">Design e realizzazione\n\n<\/h2>\t\t\t\t<\/div>\n\t\t\t\t<\/div>\n\t\t\t\t<div class=\"elementor-element elementor-element-42ab1e63 elementor-widget elementor-widget-text-editor\" data-id=\"42ab1e63\" data-element_type=\"widget\" data-e-type=\"widget\" data-widget_type=\"text-editor.default\">\n\t\t\t\t<div class=\"elementor-widget-container\">\n\t\t\t\t\t\t\t\t\t<p>Minedesign SNC<br \/>Daniel Olivieri &amp; Matthias Mur<br \/>via Fraghes 6, 39043 Chiusa<br \/>T. 0472 847 216<br \/><a style=\"font-family: Roboto; font-size: 17px; font-weight: 300; color: #cccbc7;\" href=\"mailto:info@minedesign.it\">info@minedesign.it<\/a><br \/><a style=\"font-family: Roboto; font-size: 17px; font-weight: 300; color: #cccbc7;\" href=\"https:\/\/minedesign.it\">minedesign.it<\/a><br \/>Part. IVA: IT02961340219<\/p>\t\t\t\t\t\t\t\t<\/div>\n\t\t\t\t<\/div>\n\t\t\t\t\t<\/div>\n\t\t<\/div>\n\t\t\t\t<div class=\"elementor-column elementor-col-33 elementor-top-column elementor-element elementor-element-505610c4\" data-id=\"505610c4\" data-element_type=\"column\" data-e-type=\"column\">\n\t\t\t<div class=\"elementor-widget-wrap elementor-element-populated\">\n\t\t\t\t\t\t<div class=\"elementor-element elementor-element-1a981e1 elementor-widget elementor-widget-heading\" data-id=\"1a981e1\" data-element_type=\"widget\" data-e-type=\"widget\" data-widget_type=\"heading.default\">\n\t\t\t\t<div class=\"elementor-widget-container\">\n\t\t\t\t\t<h2 class=\"elementor-heading-title elementor-size-default\">Riferimento<\/h2>\t\t\t\t<\/div>\n\t\t\t\t<\/div>\n\t\t\t\t<div class=\"elementor-element elementor-element-112bb871 elementor-widget elementor-widget-text-editor\" data-id=\"112bb871\" data-element_type=\"widget\" data-e-type=\"widget\" data-widget_type=\"text-editor.default\">\n\t\t\t\t<div class=\"elementor-widget-container\">\n\t\t\t\t\t\t\t\t\t<p><b><span style=\"color: var( --e-global-color-secondary );\">\u00a9&nbsp;<\/span>Foto<br><\/b>WastMedia;&nbsp;Aldo Amoretti;&nbsp;OskarDaRiz;&nbsp;Zulupictures; 99tales; Rene Gruber;<\/p>\n<p><strong><br><\/strong><b>\u00a9 Testi<\/b><\/p>\n<p>Elektro Oberrauch<\/p>\t\t\t\t\t\t\t\t<\/div>\n\t\t\t\t<\/div>\n\t\t\t\t\t<\/div>\n\t\t<\/div>\n\t\t\t\t\t<\/div>\n\t\t<\/section>\n\t\t\t\t<section class=\"elementor-section elementor-top-section elementor-element elementor-element-50d8cadd elementor-section-boxed elementor-section-height-default elementor-section-height-default\" data-id=\"50d8cadd\" data-element_type=\"section\" data-e-type=\"section\">\n\t\t\t\t\t\t<div class=\"elementor-container elementor-column-gap-default\">\n\t\t\t\t\t<div class=\"elementor-column elementor-col-100 elementor-top-column elementor-element elementor-element-7821934c\" data-id=\"7821934c\" data-element_type=\"column\" data-e-type=\"column\">\n\t\t\t<div class=\"elementor-widget-wrap elementor-element-populated\">\n\t\t\t\t\t\t<div class=\"elementor-element elementor-element-7f388dc5 elementor-widget elementor-widget-heading\" data-id=\"7f388dc5\" data-element_type=\"widget\" data-e-type=\"widget\" data-widget_type=\"heading.default\">\n\t\t\t\t<div class=\"elementor-widget-container\">\n\t\t\t\t\t<h2 class=\"elementor-heading-title elementor-size-default\">Dichiariazione liberatoria\n<\/h2>\t\t\t\t<\/div>\n\t\t\t\t<\/div>\n\t\t\t\t\t<\/div>\n\t\t<\/div>\n\t\t\t\t\t<\/div>\n\t\t<\/section>\n\t\t\t\t<section class=\"elementor-section elementor-top-section elementor-element elementor-element-3636a3b0 elementor-section-boxed elementor-section-height-default elementor-section-height-default\" data-id=\"3636a3b0\" data-element_type=\"section\" data-e-type=\"section\">\n\t\t\t\t\t\t<div class=\"elementor-container elementor-column-gap-default\">\n\t\t\t\t\t<div class=\"elementor-column elementor-col-100 elementor-top-column elementor-element elementor-element-27c95b7f\" data-id=\"27c95b7f\" data-element_type=\"column\" data-e-type=\"column\">\n\t\t\t<div class=\"elementor-widget-wrap elementor-element-populated\">\n\t\t\t\t\t\t<div class=\"elementor-element elementor-element-5f0ec12 elementor-widget elementor-widget-heading\" data-id=\"5f0ec12\" data-element_type=\"widget\" data-e-type=\"widget\" data-widget_type=\"heading.default\">\n\t\t\t\t<div class=\"elementor-widget-container\">\n\t\t\t\t\t<h2 class=\"elementor-heading-title elementor-size-default\">Responsabilit\u00e0 per contenuti\n<\/h2>\t\t\t\t<\/div>\n\t\t\t\t<\/div>\n\t\t\t\t<div class=\"elementor-element elementor-element-2adf524d elementor-widget elementor-widget-text-editor\" data-id=\"2adf524d\" data-element_type=\"widget\" data-e-type=\"widget\" data-widget_type=\"text-editor.default\">\n\t\t\t\t<div class=\"elementor-widget-container\">\n\t\t\t\t\t\t\t\t\t<p>I contenuti delle nostre pagine sono stati creati con la massima cura. Tuttavia, non ci assumiamo alcuna responsabilit\u00e0 per la correttezza, la completezza e l\u2019attualit\u00e0 dei contenuti. In qualit\u00e0 di fornitore di servizi, siamo responsabili dei contenuti di queste pagine in conformit\u00e0 con le leggi generali. Tuttavia, in qualit\u00e0 di fornitore di servizi, non siamo obbligati a controllare le informazioni trasmesse o memorizzate da terzi o a indagare su circostanze che indicano un\u2019attivit\u00e0 illegale. L\u2019obbligo di rimuovere o bloccare l\u2019uso delle informazioni in conformit\u00e0 alle leggi generali rimane inalterato. Tuttavia, la responsabilit\u00e0 a tale riguardo \u00e8 possibile solo a partire dal momento in cui si viene a conoscenza di una violazione concreta della legge. Non appena veniamo a conoscenza di tali violazioni, provvederemo a rimuovere immediatamente questi contenuti.<\/p>\t\t\t\t\t\t\t\t<\/div>\n\t\t\t\t<\/div>\n\t\t\t\t\t<\/div>\n\t\t<\/div>\n\t\t\t\t\t<\/div>\n\t\t<\/section>\n\t\t\t\t<section class=\"elementor-section elementor-top-section elementor-element elementor-element-52fc974b elementor-section-boxed elementor-section-height-default elementor-section-height-default\" data-id=\"52fc974b\" data-element_type=\"section\" data-e-type=\"section\">\n\t\t\t\t\t\t<div class=\"elementor-container elementor-column-gap-default\">\n\t\t\t\t\t<div class=\"elementor-column elementor-col-100 elementor-top-column elementor-element elementor-element-10b45ac\" data-id=\"10b45ac\" data-element_type=\"column\" data-e-type=\"column\">\n\t\t\t<div class=\"elementor-widget-wrap elementor-element-populated\">\n\t\t\t\t\t\t<div class=\"elementor-element elementor-element-232894a0 elementor-widget elementor-widget-heading\" data-id=\"232894a0\" data-element_type=\"widget\" data-e-type=\"widget\" data-widget_type=\"heading.default\">\n\t\t\t\t<div class=\"elementor-widget-container\">\n\t\t\t\t\t<h2 class=\"elementor-heading-title elementor-size-default\">Responsabilit\u00e0 per i link\n<\/h2>\t\t\t\t<\/div>\n\t\t\t\t<\/div>\n\t\t\t\t<div class=\"elementor-element elementor-element-57122218 elementor-widget elementor-widget-text-editor\" data-id=\"57122218\" data-element_type=\"widget\" data-e-type=\"widget\" data-widget_type=\"text-editor.default\">\n\t\t\t\t<div class=\"elementor-widget-container\">\n\t\t\t\t\t\t\t\t\t<p>La nostra offerta contiene link a siti web esterni di terzi, sui cui contenuti non abbiamo alcuna influenza. Pertanto, non possiamo assumerci alcuna responsabilit\u00e0 per questi contenuti esterni. Il rispettivo fornitore o gestore delle pagine \u00e8 sempre responsabile dei contenuti delle pagine collegate. Le pagine collegate sono state controllate per verificare l\u2019assenza di possibili infrazioni legali al momento del collegamento. I contenuti illegali non erano riconoscibili al momento del collegamento. Tuttavia, un controllo permanente dei contenuti delle pagine collegate non \u00e8 ragionevole senza prove concrete di una violazione della legge. Noi rimuoveremo tali link immediatamente dopo essere venuti a conoscenza di eventuali violazioni della legge.<\/p>\t\t\t\t\t\t\t\t<\/div>\n\t\t\t\t<\/div>\n\t\t\t\t\t<\/div>\n\t\t<\/div>\n\t\t\t\t\t<\/div>\n\t\t<\/section>\n\t\t\t\t<section class=\"elementor-section elementor-top-section elementor-element elementor-element-39ab0377 elementor-section-boxed elementor-section-height-default elementor-section-height-default\" data-id=\"39ab0377\" data-element_type=\"section\" data-e-type=\"section\">\n\t\t\t\t\t\t<div class=\"elementor-container elementor-column-gap-default\">\n\t\t\t\t\t<div class=\"elementor-column elementor-col-100 elementor-top-column elementor-element elementor-element-1ecd8761\" data-id=\"1ecd8761\" data-element_type=\"column\" data-e-type=\"column\">\n\t\t\t<div class=\"elementor-widget-wrap elementor-element-populated\">\n\t\t\t\t\t\t<div class=\"elementor-element elementor-element-27935aa elementor-widget elementor-widget-heading\" data-id=\"27935aa\" data-element_type=\"widget\" data-e-type=\"widget\" data-widget_type=\"heading.default\">\n\t\t\t\t<div class=\"elementor-widget-container\">\n\t\t\t\t\t<h2 class=\"elementor-heading-title elementor-size-default\">Copyright<\/h2>\t\t\t\t<\/div>\n\t\t\t\t<\/div>\n\t\t\t\t<div class=\"elementor-element elementor-element-634a3fe8 elementor-widget elementor-widget-text-editor\" data-id=\"634a3fe8\" data-element_type=\"widget\" data-e-type=\"widget\" data-widget_type=\"text-editor.default\">\n\t\t\t\t<div class=\"elementor-widget-container\">\n\t\t\t\t\t\t\t\t\t<p>I contenuti e le opere presenti su queste pagine create dal proprietario del sito web e da terzi con accesso amministratore sono soggetti a copyright. La duplicazione, l\u2019elaborazione, la distribuzione e qualsiasi forma di commercializzazione di tale materiale al di fuori dell\u2019ambito della legge sul diritto d\u2019autore richiede il previo consenso scritto del rispettivo autore o creatore. Il download e le copie di queste pagine sono consentiti solo per uso privato e non commerciale. Nella misura in cui il contenuto di questo sito non \u00e8 stato creato dal gestore, i diritti d\u2019autore di terzi sono rispettati. In particolare, i contenuti di terzi sono contrassegnati come tali. Qualora venisse comunque a conoscenza di una violazione del diritto d\u2019autore, la preghiamo di informarci di conseguenza. Non appena ci rendiamo conto di eventuali violazioni della legge, elimineremo immediatamente tali contenuti.<\/p>\t\t\t\t\t\t\t\t<\/div>\n\t\t\t\t<\/div>\n\t\t\t\t\t<\/div>\n\t\t<\/div>\n\t\t\t\t\t<\/div>\n\t\t<\/section>\n\t\t\t\t<section class=\"elementor-section elementor-top-section elementor-element elementor-element-3c0024e elementor-section-boxed elementor-section-height-default elementor-section-height-default\" data-id=\"3c0024e\" data-element_type=\"section\" data-e-type=\"section\">\n\t\t\t\t\t\t<div class=\"elementor-container elementor-column-gap-default\">\n\t\t\t\t\t<div class=\"elementor-column elementor-col-100 elementor-top-column elementor-element elementor-element-61c1cdde\" data-id=\"61c1cdde\" data-element_type=\"column\" data-e-type=\"column\">\n\t\t\t<div class=\"elementor-widget-wrap elementor-element-populated\">\n\t\t\t\t\t\t<div class=\"elementor-element elementor-element-512d1a94 elementor-widget elementor-widget-heading\" data-id=\"512d1a94\" data-element_type=\"widget\" data-e-type=\"widget\" data-widget_type=\"heading.default\">\n\t\t\t\t<div class=\"elementor-widget-container\">\n\t\t\t\t\t<h2 class=\"elementor-heading-title elementor-size-default\">Controversie secondo la normativa UE\n<\/h2>\t\t\t\t<\/div>\n\t\t\t\t<\/div>\n\t\t\t\t<div class=\"elementor-element elementor-element-19932308 elementor-widget elementor-widget-text-editor\" data-id=\"19932308\" data-element_type=\"widget\" data-e-type=\"widget\" data-widget_type=\"text-editor.default\">\n\t\t\t\t<div class=\"elementor-widget-container\">\n\t\t\t\t\t\t\t\t\tInformazioni richieste dal regolamento (UE) n. 524\/2016 del Parlamento europeo e della piattaforma per la risoluzione online delle controversie in materia di consumo (ODR) della Commissione europea: <a style=\"color: black; font-weight: 500;\" href=\"https:\/\/ec.europa.eu\/consumers\/odr\" target=\"_blank\" rel=\"noopener\">Vedi Link<\/a>\t\t\t\t\t\t\t\t<\/div>\n\t\t\t\t<\/div>\n\t\t\t\t\t<\/div>\n\t\t<\/div>\n\t\t\t\t\t<\/div>\n\t\t<\/section>\n\t\t\t\t<\/div>\n\t\t","protected":false},"excerpt":{"rendered":"<p>Responsabile Elektro Oberrauch SrlZone Neidegg 14\/A, 39043 ChiusaTel. +39 0472 847 347Part. IVA: IT02929800213Cod. fisc.: IT02929800213Codice destinatario: T04ZHR3 info@elektro-oberrauch.itPEC: oberrauchelektrogmbh@pec.it \u00a0 Camera di commercio: BolzanoNumero iscrizione camera di commercio: 02929800213Numero REA: BZ-217459Capitale sociale: 50.000 \u20ac V.E. Design e realizzazione Minedesign SNCDaniel Olivieri &amp; Matthias Murvia Fraghes 6, 39043 ChiusaT. 0472 847 216info@minedesign.itminedesign.itPart. IVA: IT02961340219 Riferimento [&hellip;]<\/p>\n","protected":false},"author":1,"featured_media":0,"parent":0,"menu_order":0,"comment_status":"closed","ping_status":"closed","template":"","meta":{"_acf_changed":false,"footnotes":""},"class_list":["post-8916","page","type-page","status-publish","hentry"],"acf":[],"yoast_head":"<!-- This site is optimized with the Yoast SEO plugin v27.5 - https:\/\/yoast.com\/product\/yoast-seo-wordpress\/ -->\n<title>Note legali &#187; Elektro Oberrauch | Elettricista Alto Adige<\/title>\n<meta name=\"robots\" content=\"noindex, nofollow\" \/>\n<meta property=\"og:locale\" content=\"it_IT\" \/>\n<meta property=\"og:type\" content=\"article\" \/>\n<meta property=\"og:title\" content=\"Note legali &#187; Elektro Oberrauch | Elettricista Alto Adige\" \/>\n<meta property=\"og:description\" content=\"Responsabile Elektro Oberrauch SrlZone Neidegg 14\/A, 39043 ChiusaTel. +39 0472 847 347Part. IVA: IT02929800213Cod. fisc.: IT02929800213Codice destinatario: T04ZHR3 info@elektro-oberrauch.itPEC: oberrauchelektrogmbh@pec.it \u00a0 Camera di commercio: BolzanoNumero iscrizione camera di commercio: 02929800213Numero REA: BZ-217459Capitale sociale: 50.000 \u20ac V.E. Design e realizzazione Minedesign SNCDaniel Olivieri &amp; Matthias Murvia Fraghes 6, 39043 ChiusaT. 0472 847 216info@minedesign.itminedesign.itPart. IVA: IT02961340219 Riferimento [&hellip;]\" \/>\n<meta property=\"og:url\" content=\"https:\/\/www.elektro-oberrauch.it\/it\/note-legali\/\" \/>\n<meta property=\"og:site_name\" content=\"Elektro Oberrauch\" \/>\n<meta property=\"article:publisher\" content=\"https:\/\/www.facebook.com\/ElektroOberrauch\" \/>\n<meta property=\"article:modified_time\" content=\"2024-04-30T06:07:36+00:00\" \/>\n<meta property=\"og:image\" content=\"https:\/\/www.elektro-oberrauch.it\/wp-content\/uploads\/2024\/02\/Elektro-Oberrauch-Logo.jpg\" \/>\n\t<meta property=\"og:image:width\" content=\"591\" \/>\n\t<meta property=\"og:image:height\" content=\"295\" \/>\n\t<meta property=\"og:image:type\" content=\"image\/jpeg\" \/>\n<script type=\"application\/ld+json\" class=\"yoast-schema-graph\">{\"@context\":\"https:\\\/\\\/schema.org\",\"@graph\":[{\"@type\":\"WebPage\",\"@id\":\"https:\\\/\\\/www.elektro-oberrauch.it\\\/it\\\/note-legali\\\/\",\"url\":\"https:\\\/\\\/www.elektro-oberrauch.it\\\/it\\\/note-legali\\\/\",\"name\":\"Note legali &#187; Elektro Oberrauch | Elettricista Alto Adige\",\"isPartOf\":{\"@id\":\"https:\\\/\\\/www.elektro-oberrauch.it\\\/#website\"},\"datePublished\":\"2023-12-22T08:10:48+00:00\",\"dateModified\":\"2024-04-30T06:07:36+00:00\",\"breadcrumb\":{\"@id\":\"https:\\\/\\\/www.elektro-oberrauch.it\\\/it\\\/note-legali\\\/#breadcrumb\"},\"inLanguage\":\"it-IT\",\"potentialAction\":[{\"@type\":\"ReadAction\",\"target\":[\"https:\\\/\\\/www.elektro-oberrauch.it\\\/it\\\/note-legali\\\/\"]}]},{\"@type\":\"BreadcrumbList\",\"@id\":\"https:\\\/\\\/www.elektro-oberrauch.it\\\/it\\\/note-legali\\\/#breadcrumb\",\"itemListElement\":[{\"@type\":\"ListItem\",\"position\":1,\"name\":\"Startseite\",\"item\":\"https:\\\/\\\/www.elektro-oberrauch.it\\\/it\\\/\"},{\"@type\":\"ListItem\",\"position\":2,\"name\":\"Note legali\"}]},{\"@type\":\"WebSite\",\"@id\":\"https:\\\/\\\/www.elektro-oberrauch.it\\\/#website\",\"url\":\"https:\\\/\\\/www.elektro-oberrauch.it\\\/\",\"name\":\"ELEKTRO OBERRAUCH\",\"description\":\"Elektrotechniker in S\u00fcdtirol\",\"publisher\":{\"@id\":\"https:\\\/\\\/www.elektro-oberrauch.it\\\/#organization\"},\"alternateName\":\"ELEKTRO OBERRAUCH\",\"potentialAction\":[{\"@type\":\"SearchAction\",\"target\":{\"@type\":\"EntryPoint\",\"urlTemplate\":\"https:\\\/\\\/www.elektro-oberrauch.it\\\/?s={search_term_string}\"},\"query-input\":{\"@type\":\"PropertyValueSpecification\",\"valueRequired\":true,\"valueName\":\"search_term_string\"}}],\"inLanguage\":\"it-IT\"},{\"@type\":\"Organization\",\"@id\":\"https:\\\/\\\/www.elektro-oberrauch.it\\\/#organization\",\"name\":\"Elektro Oberrauch\",\"url\":\"https:\\\/\\\/www.elektro-oberrauch.it\\\/\",\"logo\":{\"@type\":\"ImageObject\",\"inLanguage\":\"it-IT\",\"@id\":\"https:\\\/\\\/www.elektro-oberrauch.it\\\/#\\\/schema\\\/logo\\\/image\\\/\",\"url\":\"https:\\\/\\\/oberrauch.minedesign.eu\\\/wp-content\\\/uploads\\\/2024\\\/02\\\/Elektro-Oberrauch-Logo.jpg\",\"contentUrl\":\"https:\\\/\\\/oberrauch.minedesign.eu\\\/wp-content\\\/uploads\\\/2024\\\/02\\\/Elektro-Oberrauch-Logo.jpg\",\"width\":591,\"height\":295,\"caption\":\"Elektro Oberrauch\"},\"image\":{\"@id\":\"https:\\\/\\\/www.elektro-oberrauch.it\\\/#\\\/schema\\\/logo\\\/image\\\/\"},\"sameAs\":[\"https:\\\/\\\/www.facebook.com\\\/ElektroOberrauch\",\"https:\\\/\\\/www.instagram.com\\\/elektro.oberrauch\\\/\"]}]}<\/script>\n<!-- \/ Yoast SEO plugin. -->","yoast_head_json":{"title":"Note legali &#187; Elektro Oberrauch | Elettricista Alto Adige","robots":{"index":"noindex","follow":"nofollow"},"og_locale":"it_IT","og_type":"article","og_title":"Note legali &#187; Elektro Oberrauch | Elettricista Alto Adige","og_description":"Responsabile Elektro Oberrauch SrlZone Neidegg 14\/A, 39043 ChiusaTel. +39 0472 847 347Part. IVA: IT02929800213Cod. fisc.: IT02929800213Codice destinatario: T04ZHR3 info@elektro-oberrauch.itPEC: oberrauchelektrogmbh@pec.it \u00a0 Camera di commercio: BolzanoNumero iscrizione camera di commercio: 02929800213Numero REA: BZ-217459Capitale sociale: 50.000 \u20ac V.E. Design e realizzazione Minedesign SNCDaniel Olivieri &amp; Matthias Murvia Fraghes 6, 39043 ChiusaT. 0472 847 216info@minedesign.itminedesign.itPart. IVA: IT02961340219 Riferimento [&hellip;]","og_url":"https:\/\/www.elektro-oberrauch.it\/it\/note-legali\/","og_site_name":"Elektro Oberrauch","article_publisher":"https:\/\/www.facebook.com\/ElektroOberrauch","article_modified_time":"2024-04-30T06:07:36+00:00","og_image":[{"width":591,"height":295,"url":"https:\/\/www.elektro-oberrauch.it\/wp-content\/uploads\/2024\/02\/Elektro-Oberrauch-Logo.jpg","type":"image\/jpeg"}],"schema":{"@context":"https:\/\/schema.org","@graph":[{"@type":"WebPage","@id":"https:\/\/www.elektro-oberrauch.it\/it\/note-legali\/","url":"https:\/\/www.elektro-oberrauch.it\/it\/note-legali\/","name":"Note legali &#187; Elektro Oberrauch | Elettricista Alto Adige","isPartOf":{"@id":"https:\/\/www.elektro-oberrauch.it\/#website"},"datePublished":"2023-12-22T08:10:48+00:00","dateModified":"2024-04-30T06:07:36+00:00","breadcrumb":{"@id":"https:\/\/www.elektro-oberrauch.it\/it\/note-legali\/#breadcrumb"},"inLanguage":"it-IT","potentialAction":[{"@type":"ReadAction","target":["https:\/\/www.elektro-oberrauch.it\/it\/note-legali\/"]}]},{"@type":"BreadcrumbList","@id":"https:\/\/www.elektro-oberrauch.it\/it\/note-legali\/#breadcrumb","itemListElement":[{"@type":"ListItem","position":1,"name":"Startseite","item":"https:\/\/www.elektro-oberrauch.it\/it\/"},{"@type":"ListItem","position":2,"name":"Note legali"}]},{"@type":"WebSite","@id":"https:\/\/www.elektro-oberrauch.it\/#website","url":"https:\/\/www.elektro-oberrauch.it\/","name":"ELEKTRO OBERRAUCH","description":"Elektrotechniker in S\u00fcdtirol","publisher":{"@id":"https:\/\/www.elektro-oberrauch.it\/#organization"},"alternateName":"ELEKTRO OBERRAUCH","potentialAction":[{"@type":"SearchAction","target":{"@type":"EntryPoint","urlTemplate":"https:\/\/www.elektro-oberrauch.it\/?s={search_term_string}"},"query-input":{"@type":"PropertyValueSpecification","valueRequired":true,"valueName":"search_term_string"}}],"inLanguage":"it-IT"},{"@type":"Organization","@id":"https:\/\/www.elektro-oberrauch.it\/#organization","name":"Elektro Oberrauch","url":"https:\/\/www.elektro-oberrauch.it\/","logo":{"@type":"ImageObject","inLanguage":"it-IT","@id":"https:\/\/www.elektro-oberrauch.it\/#\/schema\/logo\/image\/","url":"https:\/\/oberrauch.minedesign.eu\/wp-content\/uploads\/2024\/02\/Elektro-Oberrauch-Logo.jpg","contentUrl":"https:\/\/oberrauch.minedesign.eu\/wp-content\/uploads\/2024\/02\/Elektro-Oberrauch-Logo.jpg","width":591,"height":295,"caption":"Elektro Oberrauch"},"image":{"@id":"https:\/\/www.elektro-oberrauch.it\/#\/schema\/logo\/image\/"},"sameAs":["https:\/\/www.facebook.com\/ElektroOberrauch","https:\/\/www.instagram.com\/elektro.oberrauch\/"]}]}},"_links":{"self":[{"href":"https:\/\/www.elektro-oberrauch.it\/it\/wp-json\/wp\/v2\/pages\/8916","targetHints":{"allow":["GET"]}}],"collection":[{"href":"https:\/\/www.elektro-oberrauch.it\/it\/wp-json\/wp\/v2\/pages"}],"about":[{"href":"https:\/\/www.elektro-oberrauch.it\/it\/wp-json\/wp\/v2\/types\/page"}],"author":[{"embeddable":true,"href":"https:\/\/www.elektro-oberrauch.it\/it\/wp-json\/wp\/v2\/users\/1"}],"replies":[{"embeddable":true,"href":"https:\/\/www.elektro-oberrauch.it\/it\/wp-json\/wp\/v2\/comments?post=8916"}],"version-history":[{"count":0,"href":"https:\/\/www.elektro-oberrauch.it\/it\/wp-json\/wp\/v2\/pages\/8916\/revisions"}],"wp:attachment":[{"href":"https:\/\/www.elektro-oberrauch.it\/it\/wp-json\/wp\/v2\/media?parent=8916"}],"curies":[{"name":"wp","href":"https:\/\/api.w.org\/{rel}","templated":true}]}}